{"id":1838,"date":"2026-01-23T15:37:04","date_gmt":"2026-01-23T14:37:04","guid":{"rendered":"https:\/\/www.atelier-l-enard.fr\/?page_id=1838"},"modified":"2026-01-23T15:37:05","modified_gmt":"2026-01-23T14:37:05","slug":"violchelos-modelo-stradivarius","status":"publish","type":"page","link":"https:\/\/www.atelier-l-enard.fr\/es\/fabricacion\/violchelos-modelo-stradivarius\/","title":{"rendered":"Violchelos modelo Stradivarius"},"content":{"rendered":"\r\n<section id=\"block-block_b4c657ab64bad7ebd661b8a392b0fee8\" class=\"onk-block-intro alignfull \">\r\n\t<div class=\"onk-block-intro-content content-area\">\r\n\t\t<h2>Violchelos Lionel Enard ~ N\u00b023<\/h2>\r\n\t\t<div class=\"block-content\">\r\n\t\t\t\t\t<\/div>\r\n\t<\/div>\r\n<\/section>\n\n\r\n<section id=\"block-block_e689d4234fc4e6c6933e8b31d0e138a3\" class=\"onk-block-violon alignwide\">\r\n\t<div class=\"violon-row-1\">\r\n\t\t<div class=\"violon-col-1\">\r\n\t\t\t<figure class=\"\">\r\n\t\t\t\t<img \r\n\t\t\t\t\tsrc=\"https:\/\/www.atelier-l-enard.fr\/wp-content\/uploads\/2026\/01\/violoncelle_table-768x1024.jpg\" \r\n\t\t\t\t\talt=\"Violoncelle 23 mod\u00e8le stradivarius\"\r\n\t\t\t\t\ttitle=\"violoncelle23_table\"\r\n\t\t\t\t\tsrcset=\"https:\/\/www.atelier-l-enard.fr\/wp-content\/uploads\/2026\/01\/violoncelle_table-768x1024.jpg 1024w, https:\/\/www.atelier-l-enard.fr\/wp-content\/uploads\/2026\/01\/violoncelle_table-150x150.jpg 150w, https:\/\/www.atelier-l-enard.fr\/wp-content\/uploads\/2026\/01\/violoncelle_table-225x300.jpg 300w\"\r\n\t\t\t\t\tsizes=\"(max-width: 1024px) 100vw, 1024px\"\r\n\t\t\t\t\/>\r\n\t\t\t<\/figure>\r\n\t\t<\/div>\r\n\t\t<div class=\"violon-col-2\">\r\n\t\t\t<figure class=\"\">\r\n\t\t\t\t<img \r\n\t\t\t\t\tsrc=\"https:\/\/www.atelier-l-enard.fr\/wp-content\/uploads\/2026\/01\/violoncelle_fond-768x1024.jpg\" \r\n\t\t\t\t\talt=\"fond du violoncelle 23 mod\u00e8le Stradivarius.\"\r\n\t\t\t\t\ttitle=\"violoncelle23_fond\"\r\n\t\t\t\t\tsrcset=\"https:\/\/www.atelier-l-enard.fr\/wp-content\/uploads\/2026\/01\/violoncelle_fond-768x1024.jpg 1024w, https:\/\/www.atelier-l-enard.fr\/wp-content\/uploads\/2026\/01\/violoncelle_fond-150x150.jpg 150w, https:\/\/www.atelier-l-enard.fr\/wp-content\/uploads\/2026\/01\/violoncelle_fond-225x300.jpg 300w\"\r\n\t\t\t\t\tsizes=\"(max-width: 1024px) 100vw, 1024px\"\r\n\t\t\t\t\/>\r\n\t\t\t<\/figure>\r\n\t\t<\/div>\r\n\t\t<div class=\"violon-col-3\">\r\n\t\t\t\t\t<\/div>\r\n\t<\/div>\r\n\t\r\n\t<div class=\"violon-row-2\">\r\n\t\t<div class=\"violon-col-1\">\r\n\t\t\t<figure class=\"\">\r\n\t\t\t\t<img \r\n\t\t\t\t\tsrc=\"https:\/\/www.atelier-l-enard.fr\/wp-content\/uploads\/2026\/01\/violoncelle_tete_face-768x1024.jpg\" \r\n\t\t\t\t\talt=\"violoncelle 23 t\u00eate de face\"\r\n\t\t\t\t\ttitle=\"violoncelle23_tete_face\"\r\n\t\t\t\t\tsrcset=\"https:\/\/www.atelier-l-enard.fr\/wp-content\/uploads\/2026\/01\/violoncelle_tete_face-768x1024.jpg 1024w, https:\/\/www.atelier-l-enard.fr\/wp-content\/uploads\/2026\/01\/violoncelle_tete_face-150x150.jpg 150w, https:\/\/www.atelier-l-enard.fr\/wp-content\/uploads\/2026\/01\/violoncelle_tete_face-225x300.jpg 300w\"\r\n\t\t\t\t\tsizes=\"(max-width: 1024px) 100vw, 1024px\"\r\n\t\t\t\t\/>\r\n\t\t\t<\/figure>\r\n\t\t\t\t\t<\/div>\r\n\t\t<div class=\"violon-col-2\">\r\n\t\t\t\t\t\t\t<div class=\"testimonial-empty\">\r\n\t\t\t\t\t\t\t\t\t\t<div class=\"testimonial-replacement\"><p data-start=\"132\" data-end=\"272\">Este violonchelo, inspirado en un modelo Stradivarius, encarna una luther\u00eda cuidada y elegante al servicio de una sonoridad excepcional.<\/p>\n<p data-start=\"274\" data-end=\"540\">Este modelo, galardonado con el Premio al Sonido y el Tercer Premio de Luther\u00eda en el Concurso Internacional de Luther\u00eda de Mirecourt 2023, supo convencer tanto a los int\u00e9rpretes como al jurado por su personalidad sonora y su alta calidad de fabricaci\u00f3n.<\/p>\n<p data-start=\"542\" data-end=\"875\">El instrumento se distingue por un timbre luminoso, una proyecci\u00f3n generosa y una respuesta inmediata, ofreciendo una amplia paleta de colores y una expresividad natural. El equilibrio entre profundidad, claridad y potencia permite al m\u00fasico expresarse con total libertad, tanto como solista como en m\u00fasica de c\u00e1mara.<\/p>\n<\/div>\r\n\t\t\t\t\t\t\t\t\t\t<figure class=\"\">\r\n\t\t\t\t\t\t<img \r\n\t\t\t\t\t\t\tsrc=\"https:\/\/www.atelier-l-enard.fr\/wp-content\/uploads\/2026\/01\/violoncelle_onglet_tete_cote-1024x678.jpg\" \r\n\t\t\t\t\t\t\talt=\"Onglet du violoncelle et t\u00eate de profil\"\r\n\t\t\t\t\t\t\ttitle=\"violoncelle_onglet_tete_cote\"\r\n\t\t\t\t\t\t\tsrcset=\"https:\/\/www.atelier-l-enard.fr\/wp-content\/uploads\/2026\/01\/violoncelle_onglet_tete_cote-1024x678.jpg 1024w, https:\/\/www.atelier-l-enard.fr\/wp-content\/uploads\/2026\/01\/violoncelle_onglet_tete_cote-150x150.jpg 150w, https:\/\/www.atelier-l-enard.fr\/wp-content\/uploads\/2026\/01\/violoncelle_onglet_tete_cote-300x199.jpg 300w\"\r\n\t\t\t\t\t\t\tsizes=\"(max-width: 1024px) 100vw, 1024px\"\r\n\t\t\t\t\t\t\/>\r\n\t\t\t\t\t<\/figure>\r\n\t\t\t\t<\/div>\r\n\t\t\t\t\t<\/div>\r\n\t<\/div>\r\n<\/section>","protected":false},"excerpt":{"rendered":"","protected":false},"author":2,"featured_media":1709,"parent":1151,"menu_order":0,"comment_status":"closed","ping_status":"closed","template":"page-fabrication-2.php","meta":{"_acf_changed":false,"_seopress_robots_primary_cat":"","_seopress_titles_title":"","_seopress_titles_desc":"","_seopress_robots_index":"","footnotes":""},"class_list":["post-1838","page","type-page","status-publish","has-post-thumbnail","hentry"],"acf":[],"_links":{"self":[{"href":"https:\/\/www.atelier-l-enard.fr\/es\/wp-json\/wp\/v2\/pages\/1838","targetHints":{"allow":["GET"]}}],"collection":[{"href":"https:\/\/www.atelier-l-enard.fr\/es\/wp-json\/wp\/v2\/pages"}],"about":[{"href":"https:\/\/www.atelier-l-enard.fr\/es\/wp-json\/wp\/v2\/types\/page"}],"author":[{"embeddable":true,"href":"https:\/\/www.atelier-l-enard.fr\/es\/wp-json\/wp\/v2\/users\/2"}],"replies":[{"embeddable":true,"href":"https:\/\/www.atelier-l-enard.fr\/es\/wp-json\/wp\/v2\/comments?post=1838"}],"version-history":[{"count":1,"href":"https:\/\/www.atelier-l-enard.fr\/es\/wp-json\/wp\/v2\/pages\/1838\/revisions"}],"predecessor-version":[{"id":1841,"href":"https:\/\/www.atelier-l-enard.fr\/es\/wp-json\/wp\/v2\/pages\/1838\/revisions\/1841"}],"up":[{"embeddable":true,"href":"https:\/\/www.atelier-l-enard.fr\/es\/wp-json\/wp\/v2\/pages\/1151"}],"wp:featuredmedia":[{"embeddable":true,"href":"https:\/\/www.atelier-l-enard.fr\/es\/wp-json\/wp\/v2\/media\/1709"}],"wp:attachment":[{"href":"https:\/\/www.atelier-l-enard.fr\/es\/wp-json\/wp\/v2\/media?parent=1838"}],"curies":[{"name":"wp","href":"https:\/\/api.w.org\/{rel}","templated":true}]}}