{"id":1172,"date":"2019-06-07T19:26:44","date_gmt":"2019-06-07T17:26:44","guid":{"rendered":"https:\/\/www.atelier-l-enard.fr\/fabrication\/violon-modele-guarnerius-del-jesus\/"},"modified":"2019-08-28T23:08:46","modified_gmt":"2019-08-28T21:08:46","slug":"violin-modelo-guarnerius-del-jesus","status":"publish","type":"page","link":"https:\/\/www.atelier-l-enard.fr\/es\/fabricacion\/violin-modelo-guarnerius-del-jesus\/","title":{"rendered":"Violines Modelo Guarnerius Del Jes\u00fas"},"content":{"rendered":"\r\n<section id=\"block-block_5cfe80a646093\" class=\"onk-block-intro alignfull \">\r\n\t<div class=\"onk-block-intro-content content-area\">\r\n\t\t<h2>Viol\u00edn Lionel Enard ~ N\u00b0 15<\/h2>\r\n\t\t<div class=\"block-content\">\r\n\t\t\t\t\t<\/div>\r\n\t<\/div>\r\n<\/section>\n\n\r\n<section id=\"block-block_5cfe80cd46094\" class=\"onk-block-violon alignwide\">\r\n\t<div class=\"violon-row-1\">\r\n\t\t<div class=\"violon-col-1\">\r\n\t\t\t<figure class=\"\">\r\n\t\t\t\t<img \r\n\t\t\t\t\tsrc=\"https:\/\/www.atelier-l-enard.fr\/wp-content\/uploads\/2019\/06\/DSC2973-sRGB-685x1024.jpg\" \r\n\t\t\t\t\talt=\"Fabrication Violon Mod\u00e8le Guarnerius Del Jesus\"\r\n\t\t\t\t\ttitle=\"Violon Lionel Enard n\u00b015\"\r\n\t\t\t\t\tsrcset=\"https:\/\/www.atelier-l-enard.fr\/wp-content\/uploads\/2019\/06\/DSC2973-sRGB-685x1024.jpg 1024w, https:\/\/www.atelier-l-enard.fr\/wp-content\/uploads\/2019\/06\/DSC2973-sRGB-150x150.jpg 150w, https:\/\/www.atelier-l-enard.fr\/wp-content\/uploads\/2019\/06\/DSC2973-sRGB-201x300.jpg 300w\"\r\n\t\t\t\t\tsizes=\"(max-width: 1024px) 100vw, 1024px\"\r\n\t\t\t\t\/>\r\n\t\t\t<\/figure>\r\n\t\t<\/div>\r\n\t\t<div class=\"violon-col-2\">\r\n\t\t\t<figure class=\"\">\r\n\t\t\t\t<img \r\n\t\t\t\t\tsrc=\"https:\/\/www.atelier-l-enard.fr\/wp-content\/uploads\/2019\/06\/DSC2977-sRGB-685x1024.jpg\" \r\n\t\t\t\t\talt=\"Fabrication Violon Guarnerius\"\r\n\t\t\t\t\ttitle=\"Dos Violon Lionel Enard n\u00b015\"\r\n\t\t\t\t\tsrcset=\"https:\/\/www.atelier-l-enard.fr\/wp-content\/uploads\/2019\/06\/DSC2977-sRGB-685x1024.jpg 1024w, https:\/\/www.atelier-l-enard.fr\/wp-content\/uploads\/2019\/06\/DSC2977-sRGB-150x150.jpg 150w, https:\/\/www.atelier-l-enard.fr\/wp-content\/uploads\/2019\/06\/DSC2977-sRGB-201x300.jpg 300w\"\r\n\t\t\t\t\tsizes=\"(max-width: 1024px) 100vw, 1024px\"\r\n\t\t\t\t\/>\r\n\t\t\t<\/figure>\r\n\t\t<\/div>\r\n\t\t<div class=\"violon-col-3\">\r\n\t\t\t\t\t<\/div>\r\n\t<\/div>\r\n\t\r\n\t<div class=\"violon-row-2\">\r\n\t\t<div class=\"violon-col-1\">\r\n\t\t\t<figure class=\"\">\r\n\t\t\t\t<img \r\n\t\t\t\t\tsrc=\"https:\/\/www.atelier-l-enard.fr\/wp-content\/uploads\/2019\/06\/DSC2984-sRGB-622x1024.jpg\" \r\n\t\t\t\t\talt=\"Violon mod\u00e8le Guarnerius L. Enard\"\r\n\t\t\t\t\ttitle=\"T\u00eate Violon Lionel Enard n\u00b015\"\r\n\t\t\t\t\tsrcset=\"https:\/\/www.atelier-l-enard.fr\/wp-content\/uploads\/2019\/06\/DSC2984-sRGB-622x1024.jpg 1024w, https:\/\/www.atelier-l-enard.fr\/wp-content\/uploads\/2019\/06\/DSC2984-sRGB-150x150.jpg 150w, https:\/\/www.atelier-l-enard.fr\/wp-content\/uploads\/2019\/06\/DSC2984-sRGB-182x300.jpg 300w\"\r\n\t\t\t\t\tsizes=\"(max-width: 1024px) 100vw, 1024px\"\r\n\t\t\t\t\/>\r\n\t\t\t<\/figure>\r\n\t\t\t\t\t<\/div>\r\n\t\t<div class=\"violon-col-2\">\r\n\t\t\t\t\t\t<div class=\"testimonial\">\r\n\t\t\t\t<h3>Testimonio ~ Blandine Matrot<\/h3>\r\n\t\t\t\t<div>\r\n\t\t\t\t\t<p class=\"testimonial-content\">\r\n\t\t\t\t\t\tEn seguida fu\u00ed seducida por la siqueza y la profundidad del sonido de este viol\u00edn. Es muy f\u00e1cil de tocar y ha evolucionado mucho despu\u00e9s de tocarlo. Este viol\u00edn contin\u00faa encant\u00e1ndome y me permite laborar y explorar nuevos colores y universos sonoros.<br \/>\r\nUn sonido que tiene car\u00e1cter con muy buena proyecci\u00f3n y un timbre brillante. Este viol\u00edn permite afirmar una magnifica sensibilidad.<br \/>\r\n\t\t\t\t\t<\/p>\r\n\t\t\t\t\t<figure class=\"\">\r\n\t\t\t\t\t\t<img \r\n\t\t\t\t\t\t\tsrc=\"https:\/\/www.atelier-l-enard.fr\/wp-content\/uploads\/2019\/06\/tetedroite-double-sRGB-1024x763.jpg\" \r\n\t\t\t\t\t\t\talt=\"T\u00eate Violon mod\u00e8le Guarnerius\"\r\n\t\t\t\t\t\t\ttitle=\"T\u00eate droite Violon Lionel Enard n\u00b015\"\r\n\t\t\t\t\t\t\tsrcset=\"https:\/\/www.atelier-l-enard.fr\/wp-content\/uploads\/2019\/06\/tetedroite-double-sRGB-1024x763.jpg 1024w, https:\/\/www.atelier-l-enard.fr\/wp-content\/uploads\/2019\/06\/tetedroite-double-sRGB-150x150.jpg 150w, https:\/\/www.atelier-l-enard.fr\/wp-content\/uploads\/2019\/06\/tetedroite-double-sRGB-300x224.jpg 300w\"\r\n\t\t\t\t\t\t\tsizes=\"(max-width: 1024px) 100vw, 1024px\"\r\n\t\t\t\t\t\t\/>\r\n\t\t\t\t\t<\/figure>\r\n\t\t\t\t\t<span class=\"testimonial-author\">Blandine Matrot<\/span>\t\t\t\t\t\r\n\t\t\t\t<\/div>\r\n\t\t\t<\/div>\r\n\t\t\t\t\t<\/div>\r\n\t<\/div>\r\n<\/section>\n\n\r\n<section id=\"block-block_5d01130a08f3a\" class=\"onk-block-intro alignfull \">\r\n\t<div class=\"onk-block-intro-content content-area\">\r\n\t\t<h2>Viol\u00edn Lionel Enard ~ N\u00b014<\/h2>\r\n\t\t<div class=\"block-content\">\r\n\t\t\t\t\t<\/div>\r\n\t<\/div>\r\n<\/section>\n\n\r\n<section id=\"block-block_5d01144808f3b\" class=\"onk-block-violon alignwide\">\r\n\t<div class=\"violon-row-1\">\r\n\t\t<div class=\"violon-col-1\">\r\n\t\t\t<figure class=\"\">\r\n\t\t\t\t<img \r\n\t\t\t\t\tsrc=\"https:\/\/www.atelier-l-enard.fr\/wp-content\/uploads\/2019\/06\/DSC2289-DROIT-sRGB-685x1024.jpg\" \r\n\t\t\t\t\talt=\"Violon Lionel Enard n\u00b014\"\r\n\t\t\t\t\ttitle=\"Violon Lionel Enard n\u00b014\"\r\n\t\t\t\t\tsrcset=\"https:\/\/www.atelier-l-enard.fr\/wp-content\/uploads\/2019\/06\/DSC2289-DROIT-sRGB-685x1024.jpg 1024w, https:\/\/www.atelier-l-enard.fr\/wp-content\/uploads\/2019\/06\/DSC2289-DROIT-sRGB-150x150.jpg 150w, https:\/\/www.atelier-l-enard.fr\/wp-content\/uploads\/2019\/06\/DSC2289-DROIT-sRGB-201x300.jpg 300w\"\r\n\t\t\t\t\tsizes=\"(max-width: 1024px) 100vw, 1024px\"\r\n\t\t\t\t\/>\r\n\t\t\t<\/figure>\r\n\t\t<\/div>\r\n\t\t<div class=\"violon-col-2\">\r\n\t\t\t<figure class=\"\">\r\n\t\t\t\t<img \r\n\t\t\t\t\tsrc=\"https:\/\/www.atelier-l-enard.fr\/wp-content\/uploads\/2019\/06\/DSC2295-DROIT-sRGB-685x1024.jpg\" \r\n\t\t\t\t\talt=\"Violon Guarnerius Lionel Enard\"\r\n\t\t\t\t\ttitle=\"Dos Violon Lionel Enard ~ N\u00b014\"\r\n\t\t\t\t\tsrcset=\"https:\/\/www.atelier-l-enard.fr\/wp-content\/uploads\/2019\/06\/DSC2295-DROIT-sRGB-685x1024.jpg 1024w, https:\/\/www.atelier-l-enard.fr\/wp-content\/uploads\/2019\/06\/DSC2295-DROIT-sRGB-150x150.jpg 150w, https:\/\/www.atelier-l-enard.fr\/wp-content\/uploads\/2019\/06\/DSC2295-DROIT-sRGB-201x300.jpg 300w\"\r\n\t\t\t\t\tsizes=\"(max-width: 1024px) 100vw, 1024px\"\r\n\t\t\t\t\/>\r\n\t\t\t<\/figure>\r\n\t\t<\/div>\r\n\t\t<div class=\"violon-col-3\">\r\n\t\t\t\t\t<\/div>\r\n\t<\/div>\r\n\t\r\n\t<div class=\"violon-row-2\">\r\n\t\t<div class=\"violon-col-1\">\r\n\t\t\t<figure class=\"\">\r\n\t\t\t\t<img \r\n\t\t\t\t\tsrc=\"https:\/\/www.atelier-l-enard.fr\/wp-content\/uploads\/2019\/06\/DSC2298-sRGB-728x1024.jpg\" \r\n\t\t\t\t\talt=\"Lionel Enard Meilleur Ouvrier de France\"\r\n\t\t\t\t\ttitle=\"T\u00eate Violon Lionel Enard ~ N\u00b014\"\r\n\t\t\t\t\tsrcset=\"https:\/\/www.atelier-l-enard.fr\/wp-content\/uploads\/2019\/06\/DSC2298-sRGB-728x1024.jpg 1024w, https:\/\/www.atelier-l-enard.fr\/wp-content\/uploads\/2019\/06\/DSC2298-sRGB-150x150.jpg 150w, https:\/\/www.atelier-l-enard.fr\/wp-content\/uploads\/2019\/06\/DSC2298-sRGB-213x300.jpg 300w\"\r\n\t\t\t\t\tsizes=\"(max-width: 1024px) 100vw, 1024px\"\r\n\t\t\t\t\/>\r\n\t\t\t<\/figure>\r\n\t\t\t\t\t<\/div>\r\n\t\t<div class=\"violon-col-2\">\r\n\t\t\t\t\t\t\t<div class=\"testimonial-empty\">\r\n\t\t\t\t\t\t\t\t\t\t<div class=\"testimonial-replacement\"><p>Un sonido de car\u00e1cter con una muy buena proyecci\u00f3n y un timbre luminoso. Este viol\u00edn permite afirmar una hermosa sensibilidad.<\/p>\n<\/div>\r\n\t\t\t\t\t\t\t\t\t\t<figure class=\"\">\r\n\t\t\t\t\t\t<img \r\n\t\t\t\t\t\t\tsrc=\"https:\/\/www.atelier-l-enard.fr\/wp-content\/uploads\/2019\/06\/DSC2305-double-sRGB-1024x768.jpg\" \r\n\t\t\t\t\t\t\talt=\"T\u00eate violon mod\u00e8le Guarnerius\"\r\n\t\t\t\t\t\t\ttitle=\"T\u00eate face Violon Lionel Enard ~ N\u00b014\"\r\n\t\t\t\t\t\t\tsrcset=\"https:\/\/www.atelier-l-enard.fr\/wp-content\/uploads\/2019\/06\/DSC2305-double-sRGB-1024x768.jpg 1024w, https:\/\/www.atelier-l-enard.fr\/wp-content\/uploads\/2019\/06\/DSC2305-double-sRGB-150x150.jpg 150w, https:\/\/www.atelier-l-enard.fr\/wp-content\/uploads\/2019\/06\/DSC2305-double-sRGB-300x225.jpg 300w\"\r\n\t\t\t\t\t\t\tsizes=\"(max-width: 1024px) 100vw, 1024px\"\r\n\t\t\t\t\t\t\/>\r\n\t\t\t\t\t<\/figure>\r\n\t\t\t\t<\/div>\r\n\t\t\t\t\t<\/div>\r\n\t<\/div>\r\n<\/section>","protected":false},"excerpt":{"rendered":"","protected":false},"author":2,"featured_media":269,"parent":1151,"menu_order":0,"comment_status":"closed","ping_status":"closed","template":"page-fabrication-2.php","meta":{"_acf_changed":false,"_seopress_robots_primary_cat":"","_seopress_titles_title":"Fabricac\u00edon Violines Modelo Guarnerius Del Jesus Atelier L. Enard MOF","_seopress_titles_desc":"Fabricac\u00edon Violines Modelo Guarnerius Del Jesus - Atelier Lionel Enard en Pau (Pirineos Atl\u00e1nticos), mejor obrero de Francia 2019 (MOF)","_seopress_robots_index":"","footnotes":""},"class_list":["post-1172","page","type-page","status-publish","has-post-thumbnail","hentry"],"acf":[],"_links":{"self":[{"href":"https:\/\/www.atelier-l-enard.fr\/es\/wp-json\/wp\/v2\/pages\/1172","targetHints":{"allow":["GET"]}}],"collection":[{"href":"https:\/\/www.atelier-l-enard.fr\/es\/wp-json\/wp\/v2\/pages"}],"about":[{"href":"https:\/\/www.atelier-l-enard.fr\/es\/wp-json\/wp\/v2\/types\/page"}],"author":[{"embeddable":true,"href":"https:\/\/www.atelier-l-enard.fr\/es\/wp-json\/wp\/v2\/users\/2"}],"replies":[{"embeddable":true,"href":"https:\/\/www.atelier-l-enard.fr\/es\/wp-json\/wp\/v2\/comments?post=1172"}],"version-history":[{"count":2,"href":"https:\/\/www.atelier-l-enard.fr\/es\/wp-json\/wp\/v2\/pages\/1172\/revisions"}],"predecessor-version":[{"id":1313,"href":"https:\/\/www.atelier-l-enard.fr\/es\/wp-json\/wp\/v2\/pages\/1172\/revisions\/1313"}],"up":[{"embeddable":true,"href":"https:\/\/www.atelier-l-enard.fr\/es\/wp-json\/wp\/v2\/pages\/1151"}],"wp:featuredmedia":[{"embeddable":true,"href":"https:\/\/www.atelier-l-enard.fr\/es\/wp-json\/wp\/v2\/media\/269"}],"wp:attachment":[{"href":"https:\/\/www.atelier-l-enard.fr\/es\/wp-json\/wp\/v2\/media?parent=1172"}],"curies":[{"name":"wp","href":"https:\/\/api.w.org\/{rel}","templated":true}]}}